{"id":668,"date":"2020-07-09T09:22:07","date_gmt":"2020-07-09T07:22:07","guid":{"rendered":"http:\/\/blitz.grop.xyz\/?page_id=668"},"modified":"2025-07-18T10:08:19","modified_gmt":"2025-07-18T08:08:19","slug":"fragen-und-antworten","status":"publish","type":"page","link":"https:\/\/www.nova-bz.org\/de\/fragen-und-antworten\/","title":{"rendered":"Fragen und Antworten"},"content":{"rendered":"<section class=\"np-faq np-block\">\n  <div class=\"np-block__inner\">\n    <faq-list data-list=\"[{&quot;title&quot;:&quot;1 - Am Landtagsgeb\\u00e4ude h\\u00e4ngen manchmal Fahnen. Wieso werden die Fahnen ausgeh\\u00e4ngt und welche Fahnen sind das?&quot;,&quot;text&quot;:&quot;&lt;p&gt;Am Landtagsgeb\\u00e4ude h\\u00e4ngen immer dann Fahnen, wenn eine Landtagssitzung stattfindet. Solange die Sitzung dauert, werden immer die italienische Nationalfahne, die so genannte Tricolore, die S\\u00fcdtiroler Fahne und die Europafahne ausgeh\\u00e4ngt. Dabei ist auch die Anordnung der Flaggen wichtig: Die Fahnen m\\u00fcssen so aufgeh\\u00e4ngt werden, dass der Tricolore der Ehrenplatz in der Mitte zukommt.&lt;\\\/p&gt;\\n&lt;p&gt;Die S\\u00fcdtiroler Fahne h\\u00e4ngt &amp;#8211; mit Blickrichtung auf die Fahnen \\u2013 rechts von der italienischen Nationalfahne und links davon h\\u00e4ngt die Europafahne. In dieser Anordnung h\\u00e4ngen dieselben Fahnen auch an den vom Gesetz vorgesehenen Tagen (Nationalfeiertage, verschiedene Gedenktage, &amp;#8230;). Auch kann der Ministerrat aus bestimmten Gr\\u00fcnden das Aush\\u00e4ngen der Fahnen anordnen.&lt;\\\/p&gt;\\n&quot;},{&quot;title&quot;:&quot;2 - Warum erscheint der Plenarsaal w\\u00e4hrend der Sitzungen oft so leer?&quot;,&quot;text&quot;:&quot;&lt;p&gt;Beim Blick von der Zuschauer- bzw. Zuh\\u00f6rertrib\\u00fcne aus und auch bei Fernsehaufnahmen wirkt der Sitzungssaal des Landtages oft sehr leer. Daf\\u00fcr gibt es mehrere Erkl\\u00e4rungen. Eine Erkl\\u00e4rung ist, dass im Sitzungssaal des S\\u00fcdtiroler Landtages in der zweiten H\\u00e4lfte der Legislaturperiode, also f\\u00fcr 2 1\\\/2 Jahre, auch die Sitzungen des Regionalrates, der aus den Abgeordneten des S\\u00fcdtiroler Landtages und jenen des Trentiner Landtages besteht, stattfinden. Der Sitzungssaal ist also auf 70 Abgeordnete ausgelegt. Da sieht der Saal mit \\u201enur\\u201c 35 Abgeordneten des Landtages doch gleich ziemlich leer aus. Zweitens ist es so, dass auf den Abgeordneten-B\\u00e4nken von den 35 Abgeordneten nur 19 Abgeordnete sitzen. Von den restlichen 16 sitzen 11 auf den gegen\\u00fcberliegenden B\\u00e4nken der Landesregierung und 5 ebenfalls gegen\\u00fcber auf den Pl\\u00e4tzen des Landtagspr\\u00e4sidiums.&lt;\\\/p&gt;\\n&lt;p&gt;Vor allem bei Fernseh- oder Fotoaufnahmen bekommt man diese Pl\\u00e4tze nur sehr schwer ins Bild; die Zuschauer und Zuschauerinnen zuhause haben dann schnell den Eindruck, dass kaum Abgeordnete der Sitzung beiwohnen. Das sind aber nicht die einzigen Erkl\\u00e4rungen f\\u00fcr den oft leer bzw. sp\\u00e4rlich besetzt erscheinenden Sitzungssaal. Daran sind auch die Abgeordneten nicht ganz unschuldig. Nicht weil sie wie vielleicht vermutet die Sitzung schw\\u00e4nzen, sondern weil sie im Verlauf einer Sitzung \\u00f6fters den Sitzungssaal verlassen; meist um Beratungen abzuhalten, Gespr\\u00e4che zu f\\u00fchren, Leute zu treffen, &amp;#8230; manchmal ruft aber auch einfach die Natur.&lt;\\\/p&gt;\\n&quot;},{&quot;title&quot;:&quot;3 - Nur 3 oder 4 Plenarsitzungen im Monat? Was machen die Abgeordneten in der \\u00fcbrigen Zeit?&quot;,&quot;text&quot;:&quot;&lt;p&gt;Das Plenum des S\\u00fcdtiroler Landtages tritt etwa 40 bis 45 Mal im Jahr zusammen, das sind im Schnitt 3 bis 4 Sitzungen im Monat (im Juli und Dezember gibt es normalerweise wegen der Behandlung des Nachtrags\\u00achaushaltes bzw. des Haushaltsvoranschlages f\\u00fcr das darauffolgende Jahr mehr Sitzungen). Da fragen sich viele: \\u201eWas macht denn ein Abgeordneter bzw. eine Abgeordnete in der \\u00fcbrigen Zeit?\\u201c&lt;\\\/p&gt;\\n&lt;p&gt;Da ist einmal zu sagen, dass ein Abgeordneter bzw. Abgeordnete im S\\u00fcdtiroler Landtag gleichzeitig auch Abgeordnete\\\/r im Regionalrat der Region Trentino-S\\u00fcdtirol ist und somit eine Doppelfunktion aus\\u00fcbt. Er bzw. sie muss somit auch an den Sitzungen des Plenums des Regionalrates teilnehmen. Zu den 3 &amp;#8211; 4 Sitzungen des S\\u00fcdtiroler Landtages kommen somit im Monat, im Schnitt, noch 2 Sitzungen des Regionalrates hinzu; das macht dann schon 5 \\u2013 6 Sitzungen.&lt;\\\/p&gt;\\n&lt;p&gt;Aber damit nicht genug. Neben den Plenarsitzungen gibt es noch Sitzungen der verschiedenen Kommissionen des Landtages und Regionalrates: denn Entw\\u00fcrfe und Unterlagen m\\u00fcssen \\u00fcberpr\\u00fcft und somit Entscheidungen des Landtages bzw. Regionalrates vorbereitet werden und auch Fraktionssitzungen m\\u00fcssen abgehalten werden. Der Alltag der Abgeordneten besteht aber auch aus dem t\\u00e4glichen Stapel an Briefen, Zuschriften, Telefonaten und E-Mails. Die m\\u00fcssen nat\\u00fcrlich alle bearbeitet werden. Zudem m\\u00fcssen Dokumente und Gesetzesentw\\u00fcrfe studiert werden und Anfragen und Beschlussantr\\u00e4ge genau begutachtet werden. Dazu kommen noch viele Gespr\\u00e4che, die Teilnahme an Kongressen, Tagungen, \\u00f6ffentlichen Diskussionsveranstaltungen, Veranstaltungen von Vereinen und Verb\\u00e4nden, und, und, und&amp;#8230;&lt;\\\/p&gt;\\n&lt;p&gt;An Arbeit fehlt es den Abgeordneten bestimmt nicht! Erst recht nicht, wenn er bzw. sie den von den W\\u00e4hlern erhaltenen Auftrag mit Einsatz wahrnehmen will. Dies gilt erst recht f\\u00fcr die Abgeordneten, die neben ihrer T\\u00e4tigkeit als Abgeordnete auch noch die verantwortungsvolle Aufgabe als Mitglied der Landesregierung wahrnehmen m\\u00fcssen.&lt;\\\/p&gt;\\n&quot;},{&quot;title&quot;:&quot;4 - Wie schaut es mit der Zweisprachigkeit im S\\u00fcdtiroler Landtag aus? Wie spricht der\\\/die Abgeordnete?&quot;,&quot;text&quot;:&quot;&lt;div class=\\&quot;TextContent2\\&quot;&gt;\\n&lt;div class=\\&quot;txtStd\\&quot;&gt;Im S\\u00fcdtiroler Landtag kann jeder bzw. jede Abgeordnete sowohl im Plenum als auch in den Sitzungen der verschiedenen Kommissionen die deutsche oder italienische Sprache verwenden. Nicht verwendet werden darf die ladinische Sprache. Normalerweise spricht jeder\\\/jede Abgeordnete in seiner\\\/ihrer Muttersprache. Nachdem ein Abgeordneter bzw. eine Abgeordnete nicht unbedingt zweisprachig sein muss, wird jede Wortmeldung durch ausgebildete Dolmetscher und Dolmetscherinnen simultan in die jeweils andere Landessprache \\u00fcbersetzt.&lt;\\\/div&gt;\\n&lt;\\\/div&gt;\\n&quot;},{&quot;title&quot;:&quot;5 - Kann man bei einer Landtagssitzung dabei sein?&quot;,&quot;text&quot;:&quot;&lt;p&gt;Die Landtagssitzungen sind \\u00f6ffentlich. Somit kann jeder bzw. jede den Sitzungen von der Zuh\\u00f6rertrib\\u00fcne aus ohne eine Voranmeldung oder sonstige Formalit\\u00e4ten beiwohnen. N\\u00e4heres dazu erf\\u00e4hrst Du hier&lt;\\\/p&gt;\\n&quot;},{&quot;title&quot;:&quot;6 - Seit wann gibt es den S\\u00fcdtiroler Landtag? Wann fand die erste Landtagssitzung statt? &quot;,&quot;text&quot;:&quot;&lt;p&gt;Den S\\u00fcdtiroler Landtag gibt es seit dem Jahr 1948. Die ersten Regionalratswahlen fanden am 28.11.1948 und die erste Landtagssitzung fand am 20.12.1948 statt. Der S\\u00fcdtiroler Landtag wird also bald sein 80-j\\u00e4hriges Bestehen feiern.&lt;\\\/p&gt;\\n&quot;},{&quot;title&quot;:&quot;7 - Landtag \\u2013 Landesregierung. Was ist der Unterschied?&quot;,&quot;text&quot;:&quot;&lt;p&gt;Der Landtag ist das gesetzgebende Organ des Landes, er macht also die Landesgesetze.&lt;\\\/p&gt;\\n&lt;p&gt;&amp;nbsp;&lt;\\\/p&gt;\\n&lt;div class=\\&quot;TextContent2\\&quot;&gt;\\n&lt;div class=\\&quot;txtStd\\&quot;&gt;Die Landesregierung ist das ausf\\u00fchrende Organ des Landes, sie f\\u00fchrt also die verschiedenen Gesetze aus, sie verwaltet. Die Landesregierung (Landeshauptmann\\\/Landeshauptfrau und Landesr\\u00e4te\\\/Landesr\\u00e4tinnen) wird vom Landtag gew\\u00e4hlt. Der Landtag w\\u00e4hlt aber nicht nur die Landesregierung, sondern kontrolliert auch deren T\\u00e4tigkeit.&lt;\\\/div&gt;\\n&lt;\\\/div&gt;\\n&quot;}]\">\n            <div class=\"px-8 pb-8 last:pb-0\">\n        <header class=\"mb-4\">\n          <h3>1 &#8211; Am Landtagsgeb\u00e4ude h\u00e4ngen manchmal Fahnen. Wieso werden die Fahnen ausgeh\u00e4ngt und welche Fahnen sind das?<\/h3>\n        <\/header>\n        <div>\n          <p>Am Landtagsgeb\u00e4ude h\u00e4ngen immer dann Fahnen, wenn eine Landtagssitzung stattfindet. Solange die Sitzung dauert, werden immer die italienische Nationalfahne, die so genannte Tricolore, die S\u00fcdtiroler Fahne und die Europafahne ausgeh\u00e4ngt. Dabei ist auch die Anordnung der Flaggen wichtig: Die Fahnen m\u00fcssen so aufgeh\u00e4ngt werden, dass der Tricolore der Ehrenplatz in der Mitte zukommt.<\/p>\n<p>Die S\u00fcdtiroler Fahne h\u00e4ngt &#8211; mit Blickrichtung auf die Fahnen \u2013 rechts von der italienischen Nationalfahne und links davon h\u00e4ngt die Europafahne. In dieser Anordnung h\u00e4ngen dieselben Fahnen auch an den vom Gesetz vorgesehenen Tagen (Nationalfeiertage, verschiedene Gedenktage, &#8230;). Auch kann der Ministerrat aus bestimmten Gr\u00fcnden das Aush\u00e4ngen der Fahnen anordnen.<\/p>\n\n        <\/div>\n      <\/div>\n            <div class=\"px-8 pb-8 last:pb-0\">\n        <header class=\"mb-4\">\n          <h3>2 &#8211; Warum erscheint der Plenarsaal w\u00e4hrend der Sitzungen oft so leer?<\/h3>\n        <\/header>\n        <div>\n          <p>Beim Blick von der Zuschauer- bzw. Zuh\u00f6rertrib\u00fcne aus und auch bei Fernsehaufnahmen wirkt der Sitzungssaal des Landtages oft sehr leer. Daf\u00fcr gibt es mehrere Erkl\u00e4rungen. Eine Erkl\u00e4rung ist, dass im Sitzungssaal des S\u00fcdtiroler Landtages in der zweiten H\u00e4lfte der Legislaturperiode, also f\u00fcr 2 1\/2 Jahre, auch die Sitzungen des Regionalrates, der aus den Abgeordneten des S\u00fcdtiroler Landtages und jenen des Trentiner Landtages besteht, stattfinden. Der Sitzungssaal ist also auf 70 Abgeordnete ausgelegt. Da sieht der Saal mit \u201enur\u201c 35 Abgeordneten des Landtages doch gleich ziemlich leer aus. Zweitens ist es so, dass auf den Abgeordneten-B\u00e4nken von den 35 Abgeordneten nur 19 Abgeordnete sitzen. Von den restlichen 16 sitzen 11 auf den gegen\u00fcberliegenden B\u00e4nken der Landesregierung und 5 ebenfalls gegen\u00fcber auf den Pl\u00e4tzen des Landtagspr\u00e4sidiums.<\/p>\n<p>Vor allem bei Fernseh- oder Fotoaufnahmen bekommt man diese Pl\u00e4tze nur sehr schwer ins Bild; die Zuschauer und Zuschauerinnen zuhause haben dann schnell den Eindruck, dass kaum Abgeordnete der Sitzung beiwohnen. Das sind aber nicht die einzigen Erkl\u00e4rungen f\u00fcr den oft leer bzw. sp\u00e4rlich besetzt erscheinenden Sitzungssaal. Daran sind auch die Abgeordneten nicht ganz unschuldig. Nicht weil sie wie vielleicht vermutet die Sitzung schw\u00e4nzen, sondern weil sie im Verlauf einer Sitzung \u00f6fters den Sitzungssaal verlassen; meist um Beratungen abzuhalten, Gespr\u00e4che zu f\u00fchren, Leute zu treffen, &#8230; manchmal ruft aber auch einfach die Natur.<\/p>\n\n        <\/div>\n      <\/div>\n            <div class=\"px-8 pb-8 last:pb-0\">\n        <header class=\"mb-4\">\n          <h3>3 &#8211; Nur 3 oder 4 Plenarsitzungen im Monat? Was machen die Abgeordneten in der \u00fcbrigen Zeit?<\/h3>\n        <\/header>\n        <div>\n          <p>Das Plenum des S\u00fcdtiroler Landtages tritt etwa 40 bis 45 Mal im Jahr zusammen, das sind im Schnitt 3 bis 4 Sitzungen im Monat (im Juli und Dezember gibt es normalerweise wegen der Behandlung des Nachtrags\u00achaushaltes bzw. des Haushaltsvoranschlages f\u00fcr das darauffolgende Jahr mehr Sitzungen). Da fragen sich viele: \u201eWas macht denn ein Abgeordneter bzw. eine Abgeordnete in der \u00fcbrigen Zeit?\u201c<\/p>\n<p>Da ist einmal zu sagen, dass ein Abgeordneter bzw. Abgeordnete im S\u00fcdtiroler Landtag gleichzeitig auch Abgeordnete\/r im Regionalrat der Region Trentino-S\u00fcdtirol ist und somit eine Doppelfunktion aus\u00fcbt. Er bzw. sie muss somit auch an den Sitzungen des Plenums des Regionalrates teilnehmen. Zu den 3 &#8211; 4 Sitzungen des S\u00fcdtiroler Landtages kommen somit im Monat, im Schnitt, noch 2 Sitzungen des Regionalrates hinzu; das macht dann schon 5 \u2013 6 Sitzungen.<\/p>\n<p>Aber damit nicht genug. Neben den Plenarsitzungen gibt es noch Sitzungen der verschiedenen Kommissionen des Landtages und Regionalrates: denn Entw\u00fcrfe und Unterlagen m\u00fcssen \u00fcberpr\u00fcft und somit Entscheidungen des Landtages bzw. Regionalrates vorbereitet werden und auch Fraktionssitzungen m\u00fcssen abgehalten werden. Der Alltag der Abgeordneten besteht aber auch aus dem t\u00e4glichen Stapel an Briefen, Zuschriften, Telefonaten und E-Mails. Die m\u00fcssen nat\u00fcrlich alle bearbeitet werden. Zudem m\u00fcssen Dokumente und Gesetzesentw\u00fcrfe studiert werden und Anfragen und Beschlussantr\u00e4ge genau begutachtet werden. Dazu kommen noch viele Gespr\u00e4che, die Teilnahme an Kongressen, Tagungen, \u00f6ffentlichen Diskussionsveranstaltungen, Veranstaltungen von Vereinen und Verb\u00e4nden, und, und, und&#8230;<\/p>\n<p>An Arbeit fehlt es den Abgeordneten bestimmt nicht! Erst recht nicht, wenn er bzw. sie den von den W\u00e4hlern erhaltenen Auftrag mit Einsatz wahrnehmen will. Dies gilt erst recht f\u00fcr die Abgeordneten, die neben ihrer T\u00e4tigkeit als Abgeordnete auch noch die verantwortungsvolle Aufgabe als Mitglied der Landesregierung wahrnehmen m\u00fcssen.<\/p>\n\n        <\/div>\n      <\/div>\n            <div class=\"px-8 pb-8 last:pb-0\">\n        <header class=\"mb-4\">\n          <h3>4 &#8211; Wie schaut es mit der Zweisprachigkeit im S\u00fcdtiroler Landtag aus? Wie spricht der\/die Abgeordnete?<\/h3>\n        <\/header>\n        <div>\n          <div class=\"TextContent2\">\n<div class=\"txtStd\">Im S\u00fcdtiroler Landtag kann jeder bzw. jede Abgeordnete sowohl im Plenum als auch in den Sitzungen der verschiedenen Kommissionen die deutsche oder italienische Sprache verwenden. Nicht verwendet werden darf die ladinische Sprache. Normalerweise spricht jeder\/jede Abgeordnete in seiner\/ihrer Muttersprache. Nachdem ein Abgeordneter bzw. eine Abgeordnete nicht unbedingt zweisprachig sein muss, wird jede Wortmeldung durch ausgebildete Dolmetscher und Dolmetscherinnen simultan in die jeweils andere Landessprache \u00fcbersetzt.<\/div>\n<\/div>\n\n        <\/div>\n      <\/div>\n            <div class=\"px-8 pb-8 last:pb-0\">\n        <header class=\"mb-4\">\n          <h3>5 &#8211; Kann man bei einer Landtagssitzung dabei sein?<\/h3>\n        <\/header>\n        <div>\n          <p>Die Landtagssitzungen sind \u00f6ffentlich. Somit kann jeder bzw. jede den Sitzungen von der Zuh\u00f6rertrib\u00fcne aus ohne eine Voranmeldung oder sonstige Formalit\u00e4ten beiwohnen. N\u00e4heres dazu erf\u00e4hrst Du hier<\/p>\n\n        <\/div>\n      <\/div>\n            <div class=\"px-8 pb-8 last:pb-0\">\n        <header class=\"mb-4\">\n          <h3>6 &#8211; Seit wann gibt es den S\u00fcdtiroler Landtag? Wann fand die erste Landtagssitzung statt? <\/h3>\n        <\/header>\n        <div>\n          <p>Den S\u00fcdtiroler Landtag gibt es seit dem Jahr 1948. Die ersten Regionalratswahlen fanden am 28.11.1948 und die erste Landtagssitzung fand am 20.12.1948 statt. Der S\u00fcdtiroler Landtag wird also bald sein 80-j\u00e4hriges Bestehen feiern.<\/p>\n\n        <\/div>\n      <\/div>\n            <div class=\"px-8 pb-8 last:pb-0\">\n        <header class=\"mb-4\">\n          <h3>7 &#8211; Landtag \u2013 Landesregierung. Was ist der Unterschied?<\/h3>\n        <\/header>\n        <div>\n          <p>Der Landtag ist das gesetzgebende Organ des Landes, er macht also die Landesgesetze.<\/p>\n<p>&nbsp;<\/p>\n<div class=\"TextContent2\">\n<div class=\"txtStd\">Die Landesregierung ist das ausf\u00fchrende Organ des Landes, sie f\u00fchrt also die verschiedenen Gesetze aus, sie verwaltet. Die Landesregierung (Landeshauptmann\/Landeshauptfrau und Landesr\u00e4te\/Landesr\u00e4tinnen) wird vom Landtag gew\u00e4hlt. Der Landtag w\u00e4hlt aber nicht nur die Landesregierung, sondern kontrolliert auch deren T\u00e4tigkeit.<\/div>\n<\/div>\n\n        <\/div>\n      <\/div>\n          <\/faq-list>\n    <div class=\"faq-cta dynamic-gradient lg:dynamic-gradient-none lg:border-t-2 lg:border-gray-600 gradient-yellow gradient-45 py-12 px-8\">\n      <h3 class=\"text-xl lg:text-center\">Gibt es noch etwas, das du wissen m\u00f6chtest?<\/h3>\n      <div class=\"text-center mt-4\">\n        <a href=\"https:\/\/www.nova-bz.org\/wp-login.php?redirect_to=https%3A%2F%2Fwww.nova-bz.org%2Fde%2Fwp-json%2Fwp%2Fv2%2Fpages%2F668\">\n          <button class=\"blitz-button\">\n            Sende deine Frage\n          <\/button>\n        <\/a>\n      <\/div>\n    <\/div>\n  <\/div>\n<\/section>\n","protected":false},"excerpt":{"rendered":"<p>Was m\u00f6chtest Du \u00fcber den Landtag wissen?<\/p>\n","protected":false},"author":36,"featured_media":0,"parent":0,"menu_order":13,"comment_status":"open","ping_status":"closed","template":"views\/template-faq.blade.php","meta":{"_acf_changed":false,"yasr_overall_rating":0,"yasr_post_is_review":"","yasr_auto_insert_disabled":"","yasr_review_type":"","footnotes":""},"tags":[182,95],"class_list":["post-668","page","type-page","status-publish","hentry","tag-faq","tag-landtag"],"acf":[],"yoast_head":"<!-- This site is optimized with the Yoast SEO plugin v25.3.1 - https:\/\/yoast.com\/wordpress\/plugins\/seo\/ -->\n<title>Fragen und Antworten - Nova<\/title>\n<meta name=\"description\" content=\"Was ist eigentlich der Landtag? Was macht er und warum? Antworten auf alle deine Fragen findest du jetzt hier auf NOVA!\" \/>\n<meta name=\"robots\" content=\"index, follow, max-snippet:-1, max-image-preview:large, max-video-preview:-1\" \/>\n<link rel=\"canonical\" href=\"https:\/\/www.nova-bz.org\/de\/fragen-und-antworten\/\" \/>\n<meta property=\"og:locale\" content=\"de_DE\" \/>\n<meta property=\"og:type\" content=\"article\" \/>\n<meta property=\"og:title\" content=\"NOVA beantwortet alle deine Fragen zum Landtag\" \/>\n<meta property=\"og:description\" content=\"Was ist eigentlich der Landtag? Was macht er und warum? Antworten auf alle deine Fragen findest du jetzt hier auf NOVA!\" \/>\n<meta property=\"og:url\" content=\"https:\/\/www.nova-bz.org\/de\/fragen-und-antworten\/\" \/>\n<meta property=\"og:site_name\" content=\"Nova\" \/>\n<meta property=\"article:publisher\" content=\"https:\/\/www.facebook.com\/novabz.org\" \/>\n<meta property=\"article:modified_time\" content=\"2025-07-18T08:08:19+00:00\" \/>\n<meta property=\"og:image\" content=\"https:\/\/www.nova-bz.org\/wp-content\/uploads\/2020\/09\/FAQ-1.png\" \/>\n\t<meta property=\"og:image:width\" content=\"400\" \/>\n\t<meta property=\"og:image:height\" content=\"400\" \/>\n\t<meta property=\"og:image:type\" content=\"image\/png\" \/>\n<meta name=\"twitter:card\" content=\"summary_large_image\" \/>\n<meta name=\"twitter:title\" content=\"NOVA beantwortet alle deine Fragen zum Landtag\" \/>\n<meta name=\"twitter:description\" content=\"Was ist eigentlich der Landtag? Was macht er und warum? Antworten auf alle deine Fragen findest du jetzt hier auf NOVA!\" \/>\n<meta name=\"twitter:image\" content=\"https:\/\/www.nova-bz.org\/wp-content\/uploads\/2020\/09\/FAQ-1.png\" \/>\n<meta name=\"twitter:site\" content=\"@nova_bz_org\" \/>\n<script type=\"application\/ld+json\" class=\"yoast-schema-graph\">{\"@context\":\"https:\/\/schema.org\",\"@graph\":[{\"@type\":\"WebPage\",\"@id\":\"https:\/\/www.nova-bz.org\/de\/fragen-und-antworten\/\",\"url\":\"https:\/\/www.nova-bz.org\/de\/fragen-und-antworten\/\",\"name\":\"Fragen und Antworten - Nova\",\"isPartOf\":{\"@id\":\"https:\/\/www.nova-bz.org\/#website\"},\"datePublished\":\"2020-07-09T07:22:07+00:00\",\"dateModified\":\"2025-07-18T08:08:19+00:00\",\"description\":\"Was ist eigentlich der Landtag? Was macht er und warum? Antworten auf alle deine Fragen findest du jetzt hier auf NOVA!\",\"breadcrumb\":{\"@id\":\"https:\/\/www.nova-bz.org\/de\/fragen-und-antworten\/#breadcrumb\"},\"inLanguage\":\"de\",\"potentialAction\":[{\"@type\":\"ReadAction\",\"target\":[\"https:\/\/www.nova-bz.org\/de\/fragen-und-antworten\/\"]}]},{\"@type\":\"BreadcrumbList\",\"@id\":\"https:\/\/www.nova-bz.org\/de\/fragen-und-antworten\/#breadcrumb\",\"itemListElement\":[{\"@type\":\"ListItem\",\"position\":1,\"name\":\"Home\",\"item\":\"https:\/\/www.nova-bz.org\/de\/\"},{\"@type\":\"ListItem\",\"position\":2,\"name\":\"Fragen und Antworten\"}]},{\"@type\":\"WebSite\",\"@id\":\"https:\/\/www.nova-bz.org\/#website\",\"url\":\"https:\/\/www.nova-bz.org\/\",\"name\":\"Nova\",\"description\":\"Wir m\u00f6chten Dich f\u00fcr Politik begeistern\",\"potentialAction\":[{\"@type\":\"SearchAction\",\"target\":{\"@type\":\"EntryPoint\",\"urlTemplate\":\"https:\/\/www.nova-bz.org\/?s={search_term_string}\"},\"query-input\":{\"@type\":\"PropertyValueSpecification\",\"valueRequired\":true,\"valueName\":\"search_term_string\"}}],\"inLanguage\":\"de\"},false]}<\/script>\n<!-- \/ Yoast SEO plugin. -->","yoast_head_json":{"title":"Fragen und Antworten - Nova","description":"Was ist eigentlich der Landtag? Was macht er und warum? Antworten auf alle deine Fragen findest du jetzt hier auf NOVA!","robots":{"index":"index","follow":"follow","max-snippet":"max-snippet:-1","max-image-preview":"max-image-preview:large","max-video-preview":"max-video-preview:-1"},"canonical":"https:\/\/www.nova-bz.org\/de\/fragen-und-antworten\/","og_locale":"de_DE","og_type":"article","og_title":"NOVA beantwortet alle deine Fragen zum Landtag","og_description":"Was ist eigentlich der Landtag? Was macht er und warum? Antworten auf alle deine Fragen findest du jetzt hier auf NOVA!","og_url":"https:\/\/www.nova-bz.org\/de\/fragen-und-antworten\/","og_site_name":"Nova","article_publisher":"https:\/\/www.facebook.com\/novabz.org","article_modified_time":"2025-07-18T08:08:19+00:00","og_image":[{"width":400,"height":400,"url":"https:\/\/www.nova-bz.org\/wp-content\/uploads\/2020\/09\/FAQ-1.png","type":"image\/png"}],"twitter_card":"summary_large_image","twitter_title":"NOVA beantwortet alle deine Fragen zum Landtag","twitter_description":"Was ist eigentlich der Landtag? Was macht er und warum? Antworten auf alle deine Fragen findest du jetzt hier auf NOVA!","twitter_image":"https:\/\/www.nova-bz.org\/wp-content\/uploads\/2020\/09\/FAQ-1.png","twitter_site":"@nova_bz_org","schema":{"@context":"https:\/\/schema.org","@graph":[{"@type":"WebPage","@id":"https:\/\/www.nova-bz.org\/de\/fragen-und-antworten\/","url":"https:\/\/www.nova-bz.org\/de\/fragen-und-antworten\/","name":"Fragen und Antworten - Nova","isPartOf":{"@id":"https:\/\/www.nova-bz.org\/#website"},"datePublished":"2020-07-09T07:22:07+00:00","dateModified":"2025-07-18T08:08:19+00:00","description":"Was ist eigentlich der Landtag? Was macht er und warum? Antworten auf alle deine Fragen findest du jetzt hier auf NOVA!","breadcrumb":{"@id":"https:\/\/www.nova-bz.org\/de\/fragen-und-antworten\/#breadcrumb"},"inLanguage":"de","potentialAction":[{"@type":"ReadAction","target":["https:\/\/www.nova-bz.org\/de\/fragen-und-antworten\/"]}]},{"@type":"BreadcrumbList","@id":"https:\/\/www.nova-bz.org\/de\/fragen-und-antworten\/#breadcrumb","itemListElement":[{"@type":"ListItem","position":1,"name":"Home","item":"https:\/\/www.nova-bz.org\/de\/"},{"@type":"ListItem","position":2,"name":"Fragen und Antworten"}]},{"@type":"WebSite","@id":"https:\/\/www.nova-bz.org\/#website","url":"https:\/\/www.nova-bz.org\/","name":"Nova","description":"Wir m\u00f6chten Dich f\u00fcr Politik begeistern","potentialAction":[{"@type":"SearchAction","target":{"@type":"EntryPoint","urlTemplate":"https:\/\/www.nova-bz.org\/?s={search_term_string}"},"query-input":{"@type":"PropertyValueSpecification","valueRequired":true,"valueName":"search_term_string"}}],"inLanguage":"de"},false]}},"yasr_visitor_votes":{"stars_attributes":{"read_only":false,"span_bottom":false},"number_of_votes":4,"sum_votes":12},"jetpack_sharing_enabled":true,"_links":{"self":[{"href":"https:\/\/www.nova-bz.org\/de\/wp-json\/wp\/v2\/pages\/668","targetHints":{"allow":["GET"]}}],"collection":[{"href":"https:\/\/www.nova-bz.org\/de\/wp-json\/wp\/v2\/pages"}],"about":[{"href":"https:\/\/www.nova-bz.org\/de\/wp-json\/wp\/v2\/types\/page"}],"author":[{"embeddable":true,"href":"https:\/\/www.nova-bz.org\/de\/wp-json\/wp\/v2\/users\/36"}],"replies":[{"embeddable":true,"href":"https:\/\/www.nova-bz.org\/de\/wp-json\/wp\/v2\/comments?post=668"}],"version-history":[{"count":10,"href":"https:\/\/www.nova-bz.org\/de\/wp-json\/wp\/v2\/pages\/668\/revisions"}],"predecessor-version":[{"id":6677,"href":"https:\/\/www.nova-bz.org\/de\/wp-json\/wp\/v2\/pages\/668\/revisions\/6677"}],"wp:attachment":[{"href":"https:\/\/www.nova-bz.org\/de\/wp-json\/wp\/v2\/media?parent=668"}],"wp:term":[{"taxonomy":"post_tag","embeddable":true,"href":"https:\/\/www.nova-bz.org\/de\/wp-json\/wp\/v2\/tags?post=668"}],"curies":[{"name":"wp","href":"https:\/\/api.w.org\/{rel}","templated":true}]}}