{"id":2988,"date":"2021-03-18T07:54:46","date_gmt":"2021-03-18T06:54:46","guid":{"rendered":"https:\/\/www.nova-bz.org\/?page_id=2988"},"modified":"2024-05-24T14:57:29","modified_gmt":"2024-05-24T12:57:29","slug":"datenschutzerklaerung","status":"publish","type":"page","link":"https:\/\/www.nova-bz.org\/de\/datenschutzerklaerung\/","title":{"rendered":"Datenschutzerkl\u00e4rung"},"content":{"rendered":"\n<p>Gem\u00e4\u00df Art. 13 der Verordnung (EU) 2016\/679 zum Schutz nat\u00fcrlicher Personen bei der Verarbeitung personenbezogener Daten und die Empfehlung zu einigen Mindestanforderungen f\u00fcr die Online-Erhebung personenbezogener Daten in der EU<\/p>\n\n\n\n<h3 class=\"wp-block-heading\"><strong>Verantwortlicher der Datenverarbeitung<\/strong><\/h3>\n\n\n\n<p>S\u00fcdtiroler Landtag<br>Silvius-Magnago-Platz Nr.6 39100 Bozen (BZ)<br>privacy@consiglio-bz.org<\/p>\n\n\n\n<h3 class=\"wp-block-heading\"><strong>Datenschutzbeauftragter oder Data Protection Officer (DPO)<\/strong><\/h3>\n\n\n\n<p>Date Die Kontaktdaten des Datenschutzbeauftragten (DPO \u2013 Data Protection Officer) sind folgende:<\/p>\n\n\n\n<ul class=\"wp-block-list\">\n<li>Compliance Consulting GmbH<\/li>\n\n\n\n<li>Mail: dpo@com-co.it<\/li>\n<\/ul>\n\n\n\n<p>Diese Datenschutzerkl\u00e4rung dient zur Information \u00fcber die Verarbeitung die Zwecke die Methoden und allgemein \u00fcber die Verwaltung der durch die Webseite www.nova-bz.org gesammelten personenbezogenen Daten (im Folgenden \u201eder Website\u201c). Diese Datenschutzerkl\u00e4rung gilt nur f\u00fcr diese Website und schlie\u00dft somit zus\u00e4tzliche Seiten aus die \u00fcber einen Link aufgerufen werden k\u00f6nnen.<\/p>\n\n\n\n<h3 class=\"wp-block-heading\"><strong>Zweck der Datenverarbeitung und Rechtsgrundlage der Verarbeitung<\/strong><\/h3>\n\n\n\n<p>Der Verantwortliche der Datenverarbeitung garantiert im Rahmen der gesetzlichen Vorgaben dass die Verarbeitung der personenbezogenen Daten unter Ber\u00fccksichtigung der grundlegenden Rechte und Freiheiten sowie der W\u00fcrde des Betroffenen mit besonderem Bezug auf die Geheimhaltung die pers\u00f6nliche Identit\u00e4t und das Recht auf Schutz der personenbezogenen Daten erfolgt.<\/p>\n\n\n\n<p>In \u00dcbereinstimmung mit den Bedingungen der Rechtm\u00e4\u00dfigkeit die in Artikel 6 der Verordnung (EU) 2016\/679 vorgesehen sind k\u00f6nnen die personenbezogenen Daten die Sie \u00fcber die Website zur Verf\u00fcgung stellen vom S\u00fcdtiroler Landtag f\u00fcr die folgenden Zwecke verarbeitet werden:<\/p>\n\n\n\n<p>Registrierung oder Einrichtung eines pers\u00f6nlichen Accounts auf der NOVA Webseite<br>Diese Datenverarbeitung dient dazu den Benutzer mit der Redaktion in Kontakt zu bringen um die Anfrage zur Verfassung eines oder mehrerer Artikel f\u00fcr NOVA zu stellen. (Art. 6 Abs. 1 Satz 1 lit. b)).<\/p>\n\n\n\n<h3 class=\"wp-block-heading\">Newsletter<\/h3>\n\n\n\n<p>Die von Ihnen zur Verf\u00fcgung gestellten Daten k\u00f6nnen auch verwendet werden um kommerzielle Mitteilungen Werbeaktionen und Informationsmaterial \u00fcber die Aktivit\u00e4ten und Dienstleistungen auf der Website zu versenden die auch \u00fcber den Newsletter beworben werden. Der Newsletter wird auf der institutionellen Website NOVA-BZ ver\u00f6ffentlicht und per E-Mail &#8211; automatisch und kostenlos &#8211; an diejenigen versandt die ihn durch Ausf\u00fcllen des entsprechenden Formulars anfordern. Beim Ausf\u00fcllen des Formulars wird ein spezieller Hinweis auf die Verarbeitung personenbezogener Daten angezeigt mit der fakultativen M\u00f6glichkeit durch Ankreuzen \u2713 seine Zustimmung zu geben. F\u00fcr diese Zwecke ist die Bereitstellung von Daten fakultativ. Das Abonnement des Newsletters unterliegt ebenfalls der Zustimmung zu unseren Datenschutzbestimmungen und gilt bis auf Widerruf. Die Rechtsgrundlage f\u00fcr diese Datenverarbeitung ist Ihre Einwilligung in die Verarbeitung Ihrer personenbezogenen Daten (Art. 6 Abs. 1 Buchst. a) der DSGVO 2016\/679).<\/p>\n\n\n\n<p><strong>\u00abAbbestellen vom Newsletter\u00bb<br><\/strong>Um den Newsletter nicht mehr zu erhalten k\u00f6nnen Sie Ihre Einwilligung zur Verarbeitung personenbezogener Daten jederzeit widerrufen indem Sie den entsprechenden Abmelde-Link verwenden der in jedem Newsletter enthalten ist.<\/p>\n\n\n\n<p><strong>Verwaltung von Mitteilungen und Antr\u00e4gen<br><\/strong>Die optionale ausdr\u00fcckliche und freiwillige Zusendung von elektronischer Post an die auf dieser Website angegebenen Adressen hat zur Folge dass die Adresse des Absenders die f\u00fcr die Beantwortung von Anfragen erforderlich ist sowie alle anderen in der Nachricht enthaltenen personenbezogenen Daten erfasst werden. (Art. 6 Abs. 1 Buchstabe b) der Verordnung (EU) 2016\/679).<\/p>\n\n\n\n<p><strong>Verwaltung der Anfragen zur Teilnahme an Schreibprojekten f\u00fcr NOVA-Artikel.<br><\/strong>Diese Datenverarbeitung ist f\u00fcr die Durchf\u00fchrung vorvertraglicher Ma\u00dfnahmen erforderlich die auf Antrag der betroffenen Person getroffen werden (Artikel 6 Absatz 1 Buchstabe b der DSGVO 2016\/679).<\/p>\n\n\n\n<p><strong>Website-Navigation und Verbesserung<br><\/strong>Weitere Einzelheiten zu diesen Zwecken und Datenarten finden Sie im Abschnitt &#8222;Cookie Policy&#8220;.<\/p>\n\n\n\n<h3 class=\"wp-block-heading\"><strong>Art der verarbeiteten Daten<\/strong><\/h3>\n\n\n\n<p>Zu den oben genannten Zwecken k\u00f6nnen die folgenden Kategorien personenbezogener Daten verarbeitet werden:<\/p>\n\n\n\n<p>personenbezogene Daten Art (z. B. Vorname Nachname Telefonnummer und E-Mail-Adresse) die im Falle einer Kontaktaufnahme \u00fcber die auf der Website vorgesehenen Methoden \u00fcbermittelt werden;<\/p>\n\n\n\n<p>personenbezogene Daten die beim Browsen erfasst werden. Navigationsdaten die f\u00fcr die Funktion dieser Website ben\u00f6tigten Softwaresysteme und -prozeduren erfassen w\u00e4hrend des normalen Betriebs bestimmte personenbezogene Daten deren \u00dcbertragung f\u00fcr die Anwendung der Internet-Kommunikationsprotokolle erforderlich ist. Solche Informationen werden nicht erfasst um sie identifizierten Personen zuzuordnen k\u00f6nnten jedoch wegen ihrer Beschaffenheit durch Verarbeitung und Verkn\u00fcpfung mit Daten im Besitz von Dritten eine Identifizierung der Benutzer erm\u00f6glichen. Zu dieser Datenkategorie geh\u00f6ren die IP-Adressen oder Domain-Namen der Computer die von den Besuchern f\u00fcr die Verbindung zur Website benutzt werden die URI (Uniform Resource Identifier)-Adressen der angeforderten Ressourcen die Zeit der Anforderung die zur \u00dcbermittlung der Anforderung an den Server benutzte Methode die Gr\u00f6\u00dfe der als Antwort erhaltenen Datei der den Status der vom Server gegebenen Antwort kennzeichnende numerische Code (erfolgreich Fehler usw.) und sonstige Parameter die sich auf das Betriebssystem und die Computer-Konfiguration des Benutzers beziehen. Diese Daten werden nur f\u00fcr Zwecke anonymer statistischer Datenerfassung \u00fcber die Benutzung der Website sowie f\u00fcr die \u00dcberpr\u00fcfung deren korrekter Funktion verwendet und werden nur f\u00fcr die dazu erforderliche Zeit aufbewahrt. Die Daten k\u00f6nnen zur Feststellung einer Haftung im Falle eventueller IT-Delikte zum Schaden unserer Website benutzt werden. Weitere Informationen zu diesen Datentypen finden Sie in der Rubrik &#8222;Cookie Policy&#8220; die in \u00dcbereinstimmung mit den neuen Richtlinien f\u00fcr Cookies und andere Tracking-Tools (Amtsblatt Nr. 163 vom 9. Juli 2021) verfasst wurde;<\/p>\n\n\n\n<p><strong>Methoden der Datenverarbeitung<\/strong><\/p>\n\n\n\n<p>Die Datenverarbeitung erfolgt:<\/p>\n\n\n\n<ul class=\"wp-block-list\">\n<li>von Mitarbeitern die zur Durchf\u00fchrung von Verarbeitungst\u00e4tigkeiten befugt sind;<\/li>\n\n\n\n<li>mittels Verwendung manueller und elektronischer Systeme;<\/li>\n\n\n\n<li>durch zur Ausf\u00fchrung dieser Aufgaben gesetzlich erm\u00e4chtigte Personen;<\/li>\n\n\n\n<li>mit geeigneten organisatorischen und technischen Ma\u00dfnahmen um die Vertraulichkeit der Daten zu gew\u00e4hrleisten und den Zugang zu ihnen durch unbefugte Dritte zu verhindern.<\/li>\n<\/ul>\n\n\n\n<p>Wir informieren Sie au\u00dferdem dass Ihre Daten keinen automatisierten Entscheidungsprozessen unterworfen sind.<\/p>\n\n\n\n<h3 class=\"wp-block-heading\"><strong>Aufbewahrung der personenbezogenen Daten<\/strong><\/h3>\n\n\n\n<p>Die von Ihnen zur Verf\u00fcgung gestellten personenbezogenen Daten werden nur so lange aufbewahrt wie es zur Erf\u00fcllung der unter Punkt 2 genannten Verpflichtungen oder Aufgaben erforderlich ist mit der graduellen L\u00f6schung von Daten f\u00fcr bestimmte Zwecke die nicht mehr verfolgt werden:<\/p>\n\n\n\n<p>Registrierung oder Einrichtung eines pers\u00f6nlichen Accounts<br>Bis zur Account-Deaktivierung<\/p>\n\n\n\n<p>Newsletter<br>Bis auf Widerruf<\/p>\n\n\n\n<p>Verwaltung von Mitteilungen und Antr\u00e4gen<br>Bis die Zwecke f\u00fcr die sie erhoben wurden erf\u00fcllt sind<\/p>\n\n\n\n<p>Verwaltung der Antr\u00e4ge auf Teilnahme an organisierten Schreibprojekten<\/p>\n\n\n\n<p>Website-Navigation und Verbesserung<br>S.v. Cookie Policy<\/p>\n\n\n\n<h3 class=\"wp-block-heading\"><strong>Mitteilung der personenbezogenen Daten<\/strong><\/h3>\n\n\n\n<p>Ungeachtet der in Erf\u00fcllung gesetzlicher und vertraglicher Pflichten vorgenommenen Offenlegungen d\u00fcrfen die erhobenen und erarbeiteten Daten nur zu den vorhergehend angef\u00fchrten Zwecken offengelegt werden und zwar gegen\u00fcber:<\/p>\n\n\n\n<ul class=\"wp-block-list\">\n<li>Alle nat\u00fcrlichen und\/oder juristischen \u00f6ffentlichen und\/oder privaten Personen wenn sich die Weiterleitung als notwendig oder zur Aus\u00fcbung unserer T\u00e4tigkeit zweckdienlich erweist auf die oben angegebene Art und Weise zu den oben angef\u00fchrten Zwecken.<\/li>\n<\/ul>\n\n\n\n<h3 class=\"wp-block-heading\"><strong>Verbreitung pers\u00f6nlicher Daten<\/strong><\/h3>\n\n\n\n<p>Ihre Daten werden in keinem Fall an Dritte au\u00dferhalb der EU \u00fcbermittelt oder mitgeteilt.<br>Ihr Vor- und Nachname werden auf der Website bekannt gegeben wenn Ihre Artikel ver\u00f6ffentlicht werden.<\/p>\n\n\n\n<h3 class=\"wp-block-heading\"><strong>Rechte der betroffenen Person<\/strong><\/h3>\n\n\n\n<p>Sie haben das Recht von dem f\u00fcr die Verarbeitung Verantwortlichen die in Artikel 15 ff. der DSGVO 2016\/679 genannten Rechte zu verlangen:<\/p>\n\n\n\n<p>Auskunft \u00fcber personenbezogenen Daten;<\/p>\n\n\n\n<ul class=\"wp-block-list\">\n<li>Berichtigung und L\u00f6schung (&#8222;Recht auf Vergessenwerden&#8220;) personenbezogenen Daten;<\/li>\n\n\n\n<li>Recht auf Einschr\u00e4nkung der Verarbeitung;<\/li>\n\n\n\n<li>Recht auf Daten\u00fcbertragbarkeit;<\/li>\n\n\n\n<li>Widerruf der Zustimmung zur Verarbeitung personenbezogener Daten.<\/li>\n<\/ul>\n\n\n\n<p>Wenn Sie der Meinung sind dass Ihre Rechte verletzt wurden haben Sie das Recht eine Beschwerde bei der italienischen Datenschutzbeh\u00f6rde einzureichen: www.garanteprivacy.it<\/p>\n","protected":false},"excerpt":{"rendered":"<p>Gem\u00e4\u00df Art. 13 der Verordnung (EU) 2016\/679 zum Schutz nat\u00fcrlicher Personen bei der Verarbeitung personenbezogener&#8230;<\/p>\n","protected":false},"author":1,"featured_media":0,"parent":0,"menu_order":35,"comment_status":"open","ping_status":"closed","template":"","meta":{"_acf_changed":false,"yasr_overall_rating":0,"yasr_post_is_review":"","yasr_auto_insert_disabled":"","yasr_review_type":"","footnotes":""},"tags":[],"class_list":["post-2988","page","type-page","status-publish","hentry"],"acf":[],"yoast_head":"<!-- This site is optimized with the Yoast SEO plugin v25.3.1 - https:\/\/yoast.com\/wordpress\/plugins\/seo\/ -->\n<title>Datenschutzerkl\u00e4rung - Nova<\/title>\n<meta name=\"robots\" content=\"index, follow, max-snippet:-1, max-image-preview:large, max-video-preview:-1\" \/>\n<link rel=\"canonical\" href=\"https:\/\/www.nova-bz.org\/de\/datenschutzerklaerung\/\" \/>\n<meta property=\"og:locale\" content=\"de_DE\" \/>\n<meta property=\"og:type\" content=\"article\" \/>\n<meta property=\"og:title\" content=\"Datenschutzerkl\u00e4rung - Nova\" \/>\n<meta property=\"og:description\" content=\"Gem\u00e4\u00df Art. 13 der Verordnung (EU) 2016\/679 zum Schutz nat\u00fcrlicher Personen bei der Verarbeitung personenbezogener...\" \/>\n<meta property=\"og:url\" content=\"https:\/\/www.nova-bz.org\/de\/datenschutzerklaerung\/\" \/>\n<meta property=\"og:site_name\" content=\"Nova\" \/>\n<meta property=\"article:publisher\" content=\"https:\/\/www.facebook.com\/novabz.org\" \/>\n<meta property=\"article:modified_time\" content=\"2024-05-24T12:57:29+00:00\" \/>\n<meta property=\"og:image\" content=\"https:\/\/www.nova-bz.org\/wp-content\/uploads\/2021\/02\/facebook_image.png\" \/>\n\t<meta property=\"og:image:width\" content=\"1200\" \/>\n\t<meta property=\"og:image:height\" content=\"627\" \/>\n\t<meta property=\"og:image:type\" content=\"image\/png\" \/>\n<meta name=\"twitter:card\" content=\"summary_large_image\" \/>\n<meta name=\"twitter:site\" content=\"@nova_bz_org\" \/>\n<meta name=\"twitter:label1\" content=\"Gesch\u00e4tzte Lesezeit\" \/>\n\t<meta name=\"twitter:data1\" content=\"7\u00a0Minuten\" \/>\n<script type=\"application\/ld+json\" class=\"yoast-schema-graph\">{\"@context\":\"https:\/\/schema.org\",\"@graph\":[{\"@type\":\"WebPage\",\"@id\":\"https:\/\/www.nova-bz.org\/de\/datenschutzerklaerung\/\",\"url\":\"https:\/\/www.nova-bz.org\/de\/datenschutzerklaerung\/\",\"name\":\"Datenschutzerkl\u00e4rung - Nova\",\"isPartOf\":{\"@id\":\"https:\/\/www.nova-bz.org\/#website\"},\"datePublished\":\"2021-03-18T06:54:46+00:00\",\"dateModified\":\"2024-05-24T12:57:29+00:00\",\"breadcrumb\":{\"@id\":\"https:\/\/www.nova-bz.org\/de\/datenschutzerklaerung\/#breadcrumb\"},\"inLanguage\":\"de\",\"potentialAction\":[{\"@type\":\"ReadAction\",\"target\":[\"https:\/\/www.nova-bz.org\/de\/datenschutzerklaerung\/\"]}]},{\"@type\":\"BreadcrumbList\",\"@id\":\"https:\/\/www.nova-bz.org\/de\/datenschutzerklaerung\/#breadcrumb\",\"itemListElement\":[{\"@type\":\"ListItem\",\"position\":1,\"name\":\"Home\",\"item\":\"https:\/\/www.nova-bz.org\/de\/\"},{\"@type\":\"ListItem\",\"position\":2,\"name\":\"Datenschutzerkl\u00e4rung\"}]},{\"@type\":\"WebSite\",\"@id\":\"https:\/\/www.nova-bz.org\/#website\",\"url\":\"https:\/\/www.nova-bz.org\/\",\"name\":\"Nova\",\"description\":\"Wir m\u00f6chten Dich f\u00fcr Politik begeistern\",\"potentialAction\":[{\"@type\":\"SearchAction\",\"target\":{\"@type\":\"EntryPoint\",\"urlTemplate\":\"https:\/\/www.nova-bz.org\/?s={search_term_string}\"},\"query-input\":{\"@type\":\"PropertyValueSpecification\",\"valueRequired\":true,\"valueName\":\"search_term_string\"}}],\"inLanguage\":\"de\"},false]}<\/script>\n<!-- \/ Yoast SEO plugin. -->","yoast_head_json":{"title":"Datenschutzerkl\u00e4rung - Nova","robots":{"index":"index","follow":"follow","max-snippet":"max-snippet:-1","max-image-preview":"max-image-preview:large","max-video-preview":"max-video-preview:-1"},"canonical":"https:\/\/www.nova-bz.org\/de\/datenschutzerklaerung\/","og_locale":"de_DE","og_type":"article","og_title":"Datenschutzerkl\u00e4rung - Nova","og_description":"Gem\u00e4\u00df Art. 13 der Verordnung (EU) 2016\/679 zum Schutz nat\u00fcrlicher Personen bei der Verarbeitung personenbezogener...","og_url":"https:\/\/www.nova-bz.org\/de\/datenschutzerklaerung\/","og_site_name":"Nova","article_publisher":"https:\/\/www.facebook.com\/novabz.org","article_modified_time":"2024-05-24T12:57:29+00:00","og_image":[{"width":1200,"height":627,"url":"https:\/\/www.nova-bz.org\/wp-content\/uploads\/2021\/02\/facebook_image.png","type":"image\/png"}],"twitter_card":"summary_large_image","twitter_site":"@nova_bz_org","twitter_misc":{"Gesch\u00e4tzte Lesezeit":"7\u00a0Minuten"},"schema":{"@context":"https:\/\/schema.org","@graph":[{"@type":"WebPage","@id":"https:\/\/www.nova-bz.org\/de\/datenschutzerklaerung\/","url":"https:\/\/www.nova-bz.org\/de\/datenschutzerklaerung\/","name":"Datenschutzerkl\u00e4rung - Nova","isPartOf":{"@id":"https:\/\/www.nova-bz.org\/#website"},"datePublished":"2021-03-18T06:54:46+00:00","dateModified":"2024-05-24T12:57:29+00:00","breadcrumb":{"@id":"https:\/\/www.nova-bz.org\/de\/datenschutzerklaerung\/#breadcrumb"},"inLanguage":"de","potentialAction":[{"@type":"ReadAction","target":["https:\/\/www.nova-bz.org\/de\/datenschutzerklaerung\/"]}]},{"@type":"BreadcrumbList","@id":"https:\/\/www.nova-bz.org\/de\/datenschutzerklaerung\/#breadcrumb","itemListElement":[{"@type":"ListItem","position":1,"name":"Home","item":"https:\/\/www.nova-bz.org\/de\/"},{"@type":"ListItem","position":2,"name":"Datenschutzerkl\u00e4rung"}]},{"@type":"WebSite","@id":"https:\/\/www.nova-bz.org\/#website","url":"https:\/\/www.nova-bz.org\/","name":"Nova","description":"Wir m\u00f6chten Dich f\u00fcr Politik begeistern","potentialAction":[{"@type":"SearchAction","target":{"@type":"EntryPoint","urlTemplate":"https:\/\/www.nova-bz.org\/?s={search_term_string}"},"query-input":{"@type":"PropertyValueSpecification","valueRequired":true,"valueName":"search_term_string"}}],"inLanguage":"de"},false]}},"yasr_visitor_votes":{"stars_attributes":{"read_only":false,"span_bottom":false},"number_of_votes":0,"sum_votes":0},"jetpack_sharing_enabled":true,"_links":{"self":[{"href":"https:\/\/www.nova-bz.org\/de\/wp-json\/wp\/v2\/pages\/2988","targetHints":{"allow":["GET"]}}],"collection":[{"href":"https:\/\/www.nova-bz.org\/de\/wp-json\/wp\/v2\/pages"}],"about":[{"href":"https:\/\/www.nova-bz.org\/de\/wp-json\/wp\/v2\/types\/page"}],"author":[{"embeddable":true,"href":"https:\/\/www.nova-bz.org\/de\/wp-json\/wp\/v2\/users\/1"}],"replies":[{"embeddable":true,"href":"https:\/\/www.nova-bz.org\/de\/wp-json\/wp\/v2\/comments?post=2988"}],"version-history":[{"count":8,"href":"https:\/\/www.nova-bz.org\/de\/wp-json\/wp\/v2\/pages\/2988\/revisions"}],"predecessor-version":[{"id":6457,"href":"https:\/\/www.nova-bz.org\/de\/wp-json\/wp\/v2\/pages\/2988\/revisions\/6457"}],"wp:attachment":[{"href":"https:\/\/www.nova-bz.org\/de\/wp-json\/wp\/v2\/media?parent=2988"}],"wp:term":[{"taxonomy":"post_tag","embeddable":true,"href":"https:\/\/www.nova-bz.org\/de\/wp-json\/wp\/v2\/tags?post=2988"}],"curies":[{"name":"wp","href":"https:\/\/api.w.org\/{rel}","templated":true}]}}