{"id":1469,"date":"2020-08-31T10:45:33","date_gmt":"2020-08-31T08:45:33","guid":{"rendered":"http:\/\/blitz.grop.xyz\/der-landtag\/schede-dei-consiglieri\/"},"modified":"2023-11-27T17:31:51","modified_gmt":"2023-11-27T16:31:51","slug":"die-abgeordneten","status":"publish","type":"page","link":"https:\/\/www.nova-bz.org\/de\/der-landtag\/die-abgeordneten\/","title":{"rendered":"Die Abgeordneten"},"content":{"rendered":"","protected":false},"excerpt":{"rendered":"","protected":false},"author":36,"featured_media":1582,"parent":680,"menu_order":4,"comment_status":"open","ping_status":"closed","template":"views\/template-consiglieri.blade.php","meta":{"_acf_changed":false,"yasr_overall_rating":0,"yasr_post_is_review":"","yasr_auto_insert_disabled":"","yasr_review_type":"","footnotes":""},"tags":[178,95,177],"class_list":["post-1469","page","type-page","status-publish","has-post-thumbnail","hentry","tag-abgeordnete","tag-landtag","tag-parteien"],"acf":[],"yoast_head":"<!-- This site is optimized with the Yoast SEO plugin v25.3.1 - https:\/\/yoast.com\/wordpress\/plugins\/seo\/ -->\n<title>Die Abgeordneten - Nova<\/title>\n<meta name=\"description\" content=\"Im S\u00fcdtrioler Landtag arbeiten 35 Abgeordnete, die vom Volk gew\u00e4hlt werden. Doch wer sind sie? Finde es hier heraus!\" \/>\n<meta name=\"robots\" content=\"index, follow, max-snippet:-1, max-image-preview:large, max-video-preview:-1\" \/>\n<link rel=\"canonical\" href=\"https:\/\/www.nova-bz.org\/de\/der-landtag\/die-abgeordneten\/\" \/>\n<meta property=\"og:locale\" content=\"de_DE\" \/>\n<meta property=\"og:type\" content=\"article\" \/>\n<meta property=\"og:title\" content=\"NOVA stellt die Abgeordneten des S\u00fcdtiroler Landtags vor\" \/>\n<meta property=\"og:description\" content=\"Im S\u00fcdtrioler Landtag arbeiten 35 Abgeordnete, die vom Volk gew\u00e4hlt werden. Doch wer sind sie? Finde es auf NOVA heraus!\" \/>\n<meta property=\"og:url\" content=\"https:\/\/www.nova-bz.org\/de\/der-landtag\/die-abgeordneten\/\" \/>\n<meta property=\"og:site_name\" content=\"Nova\" \/>\n<meta property=\"article:publisher\" content=\"https:\/\/www.facebook.com\/novabz.org\" \/>\n<meta property=\"article:modified_time\" content=\"2023-11-27T16:31:51+00:00\" \/>\n<meta property=\"og:image\" content=\"https:\/\/www.nova-bz.org\/wp-content\/uploads\/2020\/09\/consiglio-schede-dei-consiglieri-xl.png\" \/>\n\t<meta property=\"og:image:width\" content=\"1920\" \/>\n\t<meta property=\"og:image:height\" content=\"1052\" \/>\n\t<meta property=\"og:image:type\" content=\"image\/png\" \/>\n<meta name=\"twitter:card\" content=\"summary_large_image\" \/>\n<meta name=\"twitter:title\" content=\"NOVA stellt die Abgeordneten des S\u00fcdtiroler Landtags vor\" \/>\n<meta name=\"twitter:description\" content=\"Im S\u00fcdtrioler Landtag arbeiten 35 Abgeordnete, die vom Volk gew\u00e4hlt werden. Doch wer sind sie? Finde es auf NOVA heraus!\" \/>\n<meta name=\"twitter:image\" content=\"https:\/\/www.nova-bz.org\/wp-content\/uploads\/2020\/09\/consiglio-schede-dei-consiglieri-xl.png\" \/>\n<meta name=\"twitter:site\" content=\"@nova_bz_org\" \/>\n<script type=\"application\/ld+json\" class=\"yoast-schema-graph\">{\"@context\":\"https:\/\/schema.org\",\"@graph\":[{\"@type\":\"WebPage\",\"@id\":\"https:\/\/www.nova-bz.org\/de\/der-landtag\/die-abgeordneten\/\",\"url\":\"https:\/\/www.nova-bz.org\/de\/der-landtag\/die-abgeordneten\/\",\"name\":\"Die Abgeordneten - Nova\",\"isPartOf\":{\"@id\":\"https:\/\/www.nova-bz.org\/#website\"},\"primaryImageOfPage\":{\"@id\":\"https:\/\/www.nova-bz.org\/de\/der-landtag\/die-abgeordneten\/#primaryimage\"},\"image\":{\"@id\":\"https:\/\/www.nova-bz.org\/de\/der-landtag\/die-abgeordneten\/#primaryimage\"},\"thumbnailUrl\":\"https:\/\/www.nova-bz.org\/wp-content\/uploads\/2020\/09\/consiglio-schede-dei-consiglieri-xl.png\",\"datePublished\":\"2020-08-31T08:45:33+00:00\",\"dateModified\":\"2023-11-27T16:31:51+00:00\",\"description\":\"Im S\u00fcdtrioler Landtag arbeiten 35 Abgeordnete, die vom Volk gew\u00e4hlt werden. Doch wer sind sie? Finde es hier heraus!\",\"breadcrumb\":{\"@id\":\"https:\/\/www.nova-bz.org\/de\/der-landtag\/die-abgeordneten\/#breadcrumb\"},\"inLanguage\":\"de\",\"potentialAction\":[{\"@type\":\"ReadAction\",\"target\":[\"https:\/\/www.nova-bz.org\/de\/der-landtag\/die-abgeordneten\/\"]}]},{\"@type\":\"ImageObject\",\"inLanguage\":\"de\",\"@id\":\"https:\/\/www.nova-bz.org\/de\/der-landtag\/die-abgeordneten\/#primaryimage\",\"url\":\"https:\/\/www.nova-bz.org\/wp-content\/uploads\/2020\/09\/consiglio-schede-dei-consiglieri-xl.png\",\"contentUrl\":\"https:\/\/www.nova-bz.org\/wp-content\/uploads\/2020\/09\/consiglio-schede-dei-consiglieri-xl.png\",\"width\":1920,\"height\":1052,\"caption\":\"Schede dei consiglieri e delle consigliere\"},{\"@type\":\"BreadcrumbList\",\"@id\":\"https:\/\/www.nova-bz.org\/de\/der-landtag\/die-abgeordneten\/#breadcrumb\",\"itemListElement\":[{\"@type\":\"ListItem\",\"position\":1,\"name\":\"Home\",\"item\":\"https:\/\/www.nova-bz.org\/de\/\"},{\"@type\":\"ListItem\",\"position\":2,\"name\":\"Der Landtag\",\"item\":\"https:\/\/www.nova-bz.org\/de\/der-landtag\/\"},{\"@type\":\"ListItem\",\"position\":3,\"name\":\"Die Abgeordneten\"}]},{\"@type\":\"WebSite\",\"@id\":\"https:\/\/www.nova-bz.org\/#website\",\"url\":\"https:\/\/www.nova-bz.org\/\",\"name\":\"Nova\",\"description\":\"Wir m\u00f6chten Dich f\u00fcr Politik begeistern\",\"potentialAction\":[{\"@type\":\"SearchAction\",\"target\":{\"@type\":\"EntryPoint\",\"urlTemplate\":\"https:\/\/www.nova-bz.org\/?s={search_term_string}\"},\"query-input\":{\"@type\":\"PropertyValueSpecification\",\"valueRequired\":true,\"valueName\":\"search_term_string\"}}],\"inLanguage\":\"de\"},false]}<\/script>\n<!-- \/ Yoast SEO plugin. -->","yoast_head_json":{"title":"Die Abgeordneten - Nova","description":"Im S\u00fcdtrioler Landtag arbeiten 35 Abgeordnete, die vom Volk gew\u00e4hlt werden. Doch wer sind sie? Finde es hier heraus!","robots":{"index":"index","follow":"follow","max-snippet":"max-snippet:-1","max-image-preview":"max-image-preview:large","max-video-preview":"max-video-preview:-1"},"canonical":"https:\/\/www.nova-bz.org\/de\/der-landtag\/die-abgeordneten\/","og_locale":"de_DE","og_type":"article","og_title":"NOVA stellt die Abgeordneten des S\u00fcdtiroler Landtags vor","og_description":"Im S\u00fcdtrioler Landtag arbeiten 35 Abgeordnete, die vom Volk gew\u00e4hlt werden. Doch wer sind sie? Finde es auf NOVA heraus!","og_url":"https:\/\/www.nova-bz.org\/de\/der-landtag\/die-abgeordneten\/","og_site_name":"Nova","article_publisher":"https:\/\/www.facebook.com\/novabz.org","article_modified_time":"2023-11-27T16:31:51+00:00","og_image":[{"width":1920,"height":1052,"url":"https:\/\/www.nova-bz.org\/wp-content\/uploads\/2020\/09\/consiglio-schede-dei-consiglieri-xl.png","type":"image\/png"}],"twitter_card":"summary_large_image","twitter_title":"NOVA stellt die Abgeordneten des S\u00fcdtiroler Landtags vor","twitter_description":"Im S\u00fcdtrioler Landtag arbeiten 35 Abgeordnete, die vom Volk gew\u00e4hlt werden. Doch wer sind sie? Finde es auf NOVA heraus!","twitter_image":"https:\/\/www.nova-bz.org\/wp-content\/uploads\/2020\/09\/consiglio-schede-dei-consiglieri-xl.png","twitter_site":"@nova_bz_org","schema":{"@context":"https:\/\/schema.org","@graph":[{"@type":"WebPage","@id":"https:\/\/www.nova-bz.org\/de\/der-landtag\/die-abgeordneten\/","url":"https:\/\/www.nova-bz.org\/de\/der-landtag\/die-abgeordneten\/","name":"Die Abgeordneten - Nova","isPartOf":{"@id":"https:\/\/www.nova-bz.org\/#website"},"primaryImageOfPage":{"@id":"https:\/\/www.nova-bz.org\/de\/der-landtag\/die-abgeordneten\/#primaryimage"},"image":{"@id":"https:\/\/www.nova-bz.org\/de\/der-landtag\/die-abgeordneten\/#primaryimage"},"thumbnailUrl":"https:\/\/www.nova-bz.org\/wp-content\/uploads\/2020\/09\/consiglio-schede-dei-consiglieri-xl.png","datePublished":"2020-08-31T08:45:33+00:00","dateModified":"2023-11-27T16:31:51+00:00","description":"Im S\u00fcdtrioler Landtag arbeiten 35 Abgeordnete, die vom Volk gew\u00e4hlt werden. Doch wer sind sie? Finde es hier heraus!","breadcrumb":{"@id":"https:\/\/www.nova-bz.org\/de\/der-landtag\/die-abgeordneten\/#breadcrumb"},"inLanguage":"de","potentialAction":[{"@type":"ReadAction","target":["https:\/\/www.nova-bz.org\/de\/der-landtag\/die-abgeordneten\/"]}]},{"@type":"ImageObject","inLanguage":"de","@id":"https:\/\/www.nova-bz.org\/de\/der-landtag\/die-abgeordneten\/#primaryimage","url":"https:\/\/www.nova-bz.org\/wp-content\/uploads\/2020\/09\/consiglio-schede-dei-consiglieri-xl.png","contentUrl":"https:\/\/www.nova-bz.org\/wp-content\/uploads\/2020\/09\/consiglio-schede-dei-consiglieri-xl.png","width":1920,"height":1052,"caption":"Schede dei consiglieri e delle consigliere"},{"@type":"BreadcrumbList","@id":"https:\/\/www.nova-bz.org\/de\/der-landtag\/die-abgeordneten\/#breadcrumb","itemListElement":[{"@type":"ListItem","position":1,"name":"Home","item":"https:\/\/www.nova-bz.org\/de\/"},{"@type":"ListItem","position":2,"name":"Der Landtag","item":"https:\/\/www.nova-bz.org\/de\/der-landtag\/"},{"@type":"ListItem","position":3,"name":"Die Abgeordneten"}]},{"@type":"WebSite","@id":"https:\/\/www.nova-bz.org\/#website","url":"https:\/\/www.nova-bz.org\/","name":"Nova","description":"Wir m\u00f6chten Dich f\u00fcr Politik begeistern","potentialAction":[{"@type":"SearchAction","target":{"@type":"EntryPoint","urlTemplate":"https:\/\/www.nova-bz.org\/?s={search_term_string}"},"query-input":{"@type":"PropertyValueSpecification","valueRequired":true,"valueName":"search_term_string"}}],"inLanguage":"de"},false]}},"yasr_visitor_votes":{"stars_attributes":{"read_only":false,"span_bottom":false},"number_of_votes":0,"sum_votes":0},"jetpack_sharing_enabled":true,"_links":{"self":[{"href":"https:\/\/www.nova-bz.org\/de\/wp-json\/wp\/v2\/pages\/1469","targetHints":{"allow":["GET"]}}],"collection":[{"href":"https:\/\/www.nova-bz.org\/de\/wp-json\/wp\/v2\/pages"}],"about":[{"href":"https:\/\/www.nova-bz.org\/de\/wp-json\/wp\/v2\/types\/page"}],"author":[{"embeddable":true,"href":"https:\/\/www.nova-bz.org\/de\/wp-json\/wp\/v2\/users\/36"}],"replies":[{"embeddable":true,"href":"https:\/\/www.nova-bz.org\/de\/wp-json\/wp\/v2\/comments?post=1469"}],"version-history":[{"count":4,"href":"https:\/\/www.nova-bz.org\/de\/wp-json\/wp\/v2\/pages\/1469\/revisions"}],"predecessor-version":[{"id":3543,"href":"https:\/\/www.nova-bz.org\/de\/wp-json\/wp\/v2\/pages\/1469\/revisions\/3543"}],"up":[{"embeddable":true,"href":"https:\/\/www.nova-bz.org\/de\/wp-json\/wp\/v2\/pages\/680"}],"wp:featuredmedia":[{"embeddable":true,"href":"https:\/\/www.nova-bz.org\/de\/wp-json\/wp\/v2\/media\/1582"}],"wp:attachment":[{"href":"https:\/\/www.nova-bz.org\/de\/wp-json\/wp\/v2\/media?parent=1469"}],"wp:term":[{"taxonomy":"post_tag","embeddable":true,"href":"https:\/\/www.nova-bz.org\/de\/wp-json\/wp\/v2\/tags?post=1469"}],"curies":[{"name":"wp","href":"https:\/\/api.w.org\/{rel}","templated":true}]}}